{"id":1843,"date":"2023-11-29T09:07:50","date_gmt":"2023-11-29T09:07:50","guid":{"rendered":"https:\/\/mascarpi.com\/environnement\/"},"modified":"2024-12-13T13:38:15","modified_gmt":"2024-12-13T13:38:15","slug":"environnement","status":"publish","type":"page","link":"https:\/\/mascarpi.com\/fr\/environnement\/","title":{"rendered":"Environnement"},"content":{"rendered":"<p>[et_pb_section fb_built=\u00a0\u00bb1&Prime; _builder_version=\u00a0\u00bb4.16&Prime; _module_preset=\u00a0\u00bbdefault\u00a0\u00bb background_enable_image=\u00a0\u00bboff\u00a0\u00bb background_video_mp4=\u00a0\u00bbhttps:\/\/mascarpi.com\/wp-content\/uploads\/2023\/03\/MasCarpiEntorn.mp4&Prime; height=\u00a0\u00bb70vh\u00a0\u00bb bottom_divider_repeat=\u00a0\u00bb1x\u00a0\u00bb locked=\u00a0\u00bboff\u00a0\u00bb global_colors_info=\u00a0\u00bb{}\u00a0\u00bb][et_pb_row _builder_version=\u00a0\u00bb4.16&Prime; _module_preset=\u00a0\u00bbdefault\u00a0\u00bb positioning=\u00a0\u00bbabsolute\u00a0\u00bb position_origin_a=\u00a0\u00bbcenter_center\u00a0\u00bb global_colors_info=\u00a0\u00bb{}\u00a0\u00bb][et_pb_column type=\u00a0\u00bb4_4&Prime; _builder_version=\u00a0\u00bb4.16&Prime; _module_preset=\u00a0\u00bbdefault\u00a0\u00bb global_colors_info=\u00a0\u00bb{}\u00a0\u00bb][et_pb_text _builder_version=\u00a0\u00bb4.16&Prime; _module_preset=\u00a0\u00bbdefault\u00a0\u00bb header_font=\u00a0\u00bbPlayfair Display||||||||\u00a0\u00bb header_text_color=\u00a0\u00bb#FFFFFF\u00a0\u00bb header_font_size=\u00a0\u00bb72px\u00a0\u00bb header_line_height=\u00a0\u00bb1.3em\u00a0\u00bb global_colors_info=\u00a0\u00bb{}\u00a0\u00bb]<\/p>\n<h1 style=\"text-align: center;\">Environnement<\/h1>\n<p>[\/et_pb_text][\/et_pb_column][\/et_pb_row][\/et_pb_section][et_pb_section fb_built=\u00a0\u00bb1&Prime; _builder_version=\u00a0\u00bb4.16&Prime; _module_preset=\u00a0\u00bbdefault\u00a0\u00bb background_color=\u00a0\u00bbRGBA(255,255,255,0)\u00a0\u00bb background_image=\u00a0\u00bbhttps:\/\/mascarpi.com\/wp-content\/uploads\/2022\/04\/Recurso-4.svg\u00a0\u00bb min_height=\u00a0\u00bb20vh\u00a0\u00bb height=\u00a0\u00bb20vh\u00a0\u00bb custom_margin=\u00a0\u00bb-100px||0px||false|false\u00a0\u00bb custom_padding=\u00a0\u00bb||0px||false|false\u00a0\u00bb scroll_horizontal_motion_enable=\u00a0\u00bbon\u00a0\u00bb global_colors_info=\u00a0\u00bb{}\u00a0\u00bb][et_pb_row make_equal=\u00a0\u00bbon\u00a0\u00bb _builder_version=\u00a0\u00bb4.16&Prime; _module_preset=\u00a0\u00bbdefault\u00a0\u00bb background_enable_image=\u00a0\u00bboff\u00a0\u00bb width=\u00a0\u00bb100%\u00a0\u00bb max_width=\u00a0\u00bb100%\u00a0\u00bb global_colors_info=\u00a0\u00bb{}\u00a0\u00bb][et_pb_column type=\u00a0\u00bb4_4&Prime; _builder_version=\u00a0\u00bb4.16&Prime; _module_preset=\u00a0\u00bbdefault\u00a0\u00bb global_colors_info=\u00a0\u00bb{}\u00a0\u00bb][\/et_pb_column][\/et_pb_row][\/et_pb_section][et_pb_section fb_built=\u00a0\u00bb1&Prime; admin_label=\u00a0\u00bbShop\u00a0\u00bb _builder_version=\u00a0\u00bb4.16&Prime; background_enable_color=\u00a0\u00bboff\u00a0\u00bb background_image=\u00a0\u00bbhttps:\/\/mascarpi.com\/wp-content\/uploads\/2022\/04\/CARPI-WEB-background-2.png\u00a0\u00bb background_size=\u00a0\u00bbcontain\u00a0\u00bb background_repeat=\u00a0\u00bbrepeat-y\u00a0\u00bb custom_padding=\u00a0\u00bb2px|0px|2px|0px|true|false\u00a0\u00bb locked=\u00a0\u00bboff\u00a0\u00bb collapsed=\u00a0\u00bboff\u00a0\u00bb global_colors_info=\u00a0\u00bb{}\u00a0\u00bb][et_pb_row _builder_version=\u00a0\u00bb4.16&Prime; _module_preset=\u00a0\u00bbdefault\u00a0\u00bb custom_padding=\u00a0\u00bb0px||0px|||\u00a0\u00bb global_colors_info=\u00a0\u00bb{}\u00a0\u00bb][et_pb_column type=\u00a0\u00bb4_4&Prime; _builder_version=\u00a0\u00bb4.16&Prime; _module_preset=\u00a0\u00bbdefault\u00a0\u00bb global_colors_info=\u00a0\u00bb{}\u00a0\u00bb][et_pb_text _builder_version=\u00a0\u00bb4.16&Prime; _module_preset=\u00a0\u00bbdefault\u00a0\u00bb text_font=\u00a0\u00bbGotham Book||||||||\u00a0\u00bb header_2_font=\u00a0\u00bbNoto Serif||||||||\u00a0\u00bb custom_margin=\u00a0\u00bb34px||34px||true|false\u00a0\u00bb custom_padding=\u00a0\u00bb0px||0px||true|false\u00a0\u00bb locked=\u00a0\u00bboff\u00a0\u00bb global_colors_info=\u00a0\u00bb{}\u00a0\u00bb]<\/p>\n<h2 style=\"text-align: center;\">Le g\u00eete sous les falaises de la Cumbre de Montagut (sommet de Montagut)<\/h2>\n<p style=\"text-align: center;\">Cet environnement est une zone rurale et bois\u00e9e, avec une riche biodiversit\u00e9 et des paysages spectaculaires. La for\u00eat m\u00e9diterran\u00e9enne est dominante dans la r\u00e9gion, avec des esp\u00e8ces telles que le pin et le ch\u00eane vert. Il existe \u00e9galement des zones de culture typiquement m\u00e9diterran\u00e9ennes, comme l&rsquo;amandier, l&rsquo;olivier et la vigne.<\/p>\n<p style=\"text-align: center;\">En ce qui concerne la faune, la zone est habit\u00e9e par diverses esp\u00e8ces, telles que des oiseaux de proie comme l&rsquo;aigle de Bonelli et le vautour, des mammif\u00e8res comme le sanglier et le cerf, et des amphibiens comme les grenouilles et les crapauds.<\/p>\n<p style=\"text-align: center;\">Depuis le Mas vous pourrez rejoindre facilement, si vous aimez marcher, et \u00e0 \u00e9gale distance les lieux suivants:<\/p>\n<p>[\/et_pb_text][\/et_pb_column][\/et_pb_row][et_pb_row column_structure=\u00a0\u00bb1_3,1_3,1_3&Prime; _builder_version=\u00a0\u00bb4.16&Prime; _module_preset=\u00a0\u00bbdefault\u00a0\u00bb global_colors_info=\u00a0\u00bb{}\u00a0\u00bb][et_pb_column type=\u00a0\u00bb1_3&Prime; _builder_version=\u00a0\u00bb4.16&Prime; _module_preset=\u00a0\u00bbdefault\u00a0\u00bb global_colors_info=\u00a0\u00bb{}\u00a0\u00bb][et_pb_icon font_icon=\u00a0\u00bb&#xf75b;||fa||900&Prime; icon_color=\u00a0\u00bb#A1612F\u00a0\u00bb icon_width=\u00a0\u00bb50px\u00a0\u00bb _builder_version=\u00a0\u00bb4.16&Prime; _module_preset=\u00a0\u00bbdefault\u00a0\u00bb global_colors_info=\u00a0\u00bb{}\u00a0\u00bb][\/et_pb_icon][et_pb_text _builder_version=\u00a0\u00bb4.16&Prime; _module_preset=\u00a0\u00bbdefault\u00a0\u00bb text_font=\u00a0\u00bbGotham Book||||||||\u00a0\u00bb global_colors_info=\u00a0\u00bb{}\u00a0\u00bb]<\/p>\n<h2 style=\"text-align: center;\">Le Pont d&rsquo;Armentera<\/h2>\n<p style=\"text-align: center;\">C&rsquo;est la commune la plus proche du Mas Carpi. Il se trouve \u00e0 moins de 10 minutes en voiture de notre maison et vous pouvez trouver certains services tels qu&rsquo;un four \u00e0 pain, un supermarch\u00e9, un restaurant, un cabinet m\u00e9dical et une pharmacie.<\/p>\n<p style=\"text-align: center;\">Au Pont, vous pouvez visiter l&rsquo;\u00e9glise avec son retable baroque, et vous promener le long du lit de la rivi\u00e8re Gai\u00e0 en profitant de ses piscines naturelles.<\/p>\n<p>[\/et_pb_text][\/et_pb_column][et_pb_column type=\u00a0\u00bb1_3&Prime; _builder_version=\u00a0\u00bb4.16&Prime; _module_preset=\u00a0\u00bbdefault\u00a0\u00bb global_colors_info=\u00a0\u00bb{}\u00a0\u00bb][et_pb_icon font_icon=\u00a0\u00bb&#xf51d;||fa||900&Prime; icon_color=\u00a0\u00bb#A1612F\u00a0\u00bb icon_width=\u00a0\u00bb50px\u00a0\u00bb _builder_version=\u00a0\u00bb4.16&Prime; _module_preset=\u00a0\u00bbdefault\u00a0\u00bb global_colors_info=\u00a0\u00bb{}\u00a0\u00bb][\/et_pb_icon][et_pb_text _builder_version=\u00a0\u00bb4.16&Prime; _module_preset=\u00a0\u00bbdefault\u00a0\u00bb text_font=\u00a0\u00bbGotham Book||||||||\u00a0\u00bb global_colors_info=\u00a0\u00bb{}\u00a0\u00bb]<\/p>\n<h2 style=\"text-align: center;\">Le Monast\u00e8re royal de Santes Creus<\/h2>\n<p style=\"text-align: center;\">A quelques kilom\u00e8tres il y a la petite ville de Santes Creus et son monast\u00e8re , inscrits au patrimoine mondial de l&rsquo;UNESCO. C\u2019est un endroit vraiment sp\u00e9cial, un havre de paix, o\u00f9 vous pourrez visiter le monast\u00e8re cistercien, la Plaza San Bernat , l&rsquo;Alameda et profiter de l&rsquo;offre culinaire de la ville.<\/p>\n<p style=\"text-align: center;\"><span>Fond\u00e9e en 1158, c&rsquo;est un exemple exceptionnel d&rsquo;architecture gothique catalane et l&rsquo;un des meilleurs exemples d&rsquo;art cistercien en Europe.<\/span><\/p>\n<p>[\/et_pb_text][\/et_pb_column][et_pb_column type=\u00a0\u00bb1_3&Prime; _builder_version=\u00a0\u00bb4.16&Prime; _module_preset=\u00a0\u00bbdefault\u00a0\u00bb global_colors_info=\u00a0\u00bb{}\u00a0\u00bb][et_pb_icon font_icon=\u00a0\u00bb&#xf6fc;||fa||900&Prime; icon_color=\u00a0\u00bb#A1612F\u00a0\u00bb icon_width=\u00a0\u00bb50px\u00a0\u00bb _builder_version=\u00a0\u00bb4.16&Prime; _module_preset=\u00a0\u00bbdefault\u00a0\u00bb global_colors_info=\u00a0\u00bb{}\u00a0\u00bb][\/et_pb_icon][et_pb_text _builder_version=\u00a0\u00bb4.16&Prime; _module_preset=\u00a0\u00bbdefault\u00a0\u00bb text_font=\u00a0\u00bbGotham Book||||||||\u00a0\u00bb global_colors_info=\u00a0\u00bb{}\u00a0\u00bb]<\/p>\n<h2 style=\"text-align: center;\">Le Sommet Montagut<\/h2>\n<p style=\"text-align: center;\"><span>Le sommet du Montagut est une montagne qui fait partie de la cordill\u00e8re pr\u00e9-littorale catalane . Les Riscales de la Cumbre de Montagut sont les parois rocheuses qui entourent la montagne et, dans ce cas, forment une sorte d&rsquo;amphith\u00e9\u00e2tre naturel.<\/span><\/p>\n<p style=\"text-align: center;\"><span>C\u2019est un paysage spectaculaire pour profiter de la faune et de la v\u00e9g\u00e9tation indig\u00e8nes.<\/span><\/p>\n<p>[\/et_pb_text][\/et_pb_column][\/et_pb_row][et_pb_row _builder_version=\u00a0\u00bb4.26.0&Prime; _module_preset=\u00a0\u00bbdefault\u00a0\u00bb background_image=\u00a0\u00bbhttps:\/\/mascarpi.com\/wp-content\/uploads\/2024\/12\/Captura-de-pantalla-2024-12-13-142518.webp\u00a0\u00bb background_size=\u00a0\u00bbcontain\u00a0\u00bb background_position=\u00a0\u00bbbottom_center\u00a0\u00bb background_vertical_offset=\u00a0\u00bb0%\u00a0\u00bb custom_margin=\u00a0\u00bb||0px||false|false\u00a0\u00bb custom_padding=\u00a0\u00bb||150px||false|false\u00a0\u00bb hover_enabled=\u00a0\u00bb0&Prime; global_colors_info=\u00a0\u00bb{}\u00a0\u00bb title_text=\u00a0\u00bbCaptura de pantalla 2024-12-13 142518&Prime; sticky_enabled=\u00a0\u00bb0&Prime;][et_pb_column type=\u00a0\u00bb4_4&Prime; _builder_version=\u00a0\u00bb4.16&Prime; _module_preset=\u00a0\u00bbdefault\u00a0\u00bb global_colors_info=\u00a0\u00bb{}\u00a0\u00bb][et_pb_text _builder_version=\u00a0\u00bb4.26.0&Prime; _module_preset=\u00a0\u00bbdefault\u00a0\u00bb text_font=\u00a0\u00bbGotham Book||||||||\u00a0\u00bb header_2_font=\u00a0\u00bbNoto Serif||||||||\u00a0\u00bb width=\u00a0\u00bb100%\u00a0\u00bb hover_enabled=\u00a0\u00bb0&Prime; global_colors_info=\u00a0\u00bb{}\u00a0\u00bb sticky_enabled=\u00a0\u00bb0&Prime;]<\/p>\n<h2 style=\"text-align: center;\"><a href=\"https:\/\/ca.wikiloc.com\/rutes-senderisme\/20210314-jm-el-pla-de-santa-maria-ruta-de-la-capona-barraques-de-pedra-seca-ermita-de-sant-pere-de-67915998?utm_medium=app&amp;utm_campaign=share\">La Route des cabanes en pierres s\u00e8ches<\/a><\/h2>\n<p style=\"text-align: center;\">Entre le Pont d&rsquo;Armentera et le Pla de Santa Maria se trouve la Ruta de las barracas de Piedra Seca, o\u00f9 vous trouverez les constructions mill\u00e9naires caract\u00e9ristiques des plaines s\u00e8ches et un site du patrimoine mondial. Le Circuit est plat et adapt\u00e9 \u00e0 tout \u00e2ge.<\/p>\n<p>[\/et_pb_text][\/et_pb_column][\/et_pb_row][et_pb_row _builder_version=\u00a0\u00bb4.16&Prime; _module_preset=\u00a0\u00bbdefault\u00a0\u00bb custom_padding=\u00a0\u00bb100px|||||\u00a0\u00bb global_colors_info=\u00a0\u00bb{}\u00a0\u00bb][et_pb_column type=\u00a0\u00bb4_4&Prime; _builder_version=\u00a0\u00bb4.16&Prime; _module_preset=\u00a0\u00bbdefault\u00a0\u00bb global_colors_info=\u00a0\u00bb{}\u00a0\u00bb][et_pb_text _builder_version=\u00a0\u00bb4.16&Prime; _module_preset=\u00a0\u00bbdefault\u00a0\u00bb text_font=\u00a0\u00bbGotham Book||||||||\u00a0\u00bb header_2_font=\u00a0\u00bbNoto Serif||||||||\u00a0\u00bb width=\u00a0\u00bb100%\u00a0\u00bb custom_margin=\u00a0\u00bb||||false|true\u00a0\u00bb custom_padding=\u00a0\u00bb|0px||0px|false|true\u00a0\u00bb global_colors_info=\u00a0\u00bb{}\u00a0\u00bb]<\/p>\n<h2 style=\"text-align: center;\"><a href=\"https:\/\/es.wikiloc.com\/rutas-senderismo\/ruta-barraques-de-pedra-seca-3109411\">La Vall\u00e9e de la rivi\u00e8re Gai\u00e0<\/a><\/h2>\n<p style=\"text-align: center;\">La visite de la vall\u00e9e de la rivi\u00e8re Gai\u00e0 est \u00e0 recommander . Ses villages les plus caract\u00e9ristiques sont Querol et Santa Perpetua,et la visite de leurs ch\u00e2teaux.<\/p>\n<p>[\/et_pb_text][\/et_pb_column][\/et_pb_row][et_pb_row column_structure=\u00a0\u00bb1_4,1_2,1_4&Prime; _builder_version=\u00a0\u00bb4.16&Prime; _module_preset=\u00a0\u00bbdefault\u00a0\u00bb global_colors_info=\u00a0\u00bb{}\u00a0\u00bb][et_pb_column type=\u00a0\u00bb1_4&Prime; _builder_version=\u00a0\u00bb4.16&Prime; _module_preset=\u00a0\u00bbdefault\u00a0\u00bb global_colors_info=\u00a0\u00bb{}\u00a0\u00bb][et_pb_icon font_icon=\u00a0\u00bb&#xe01d;||divi||400&Prime; icon_color=\u00a0\u00bb#A1612F\u00a0\u00bb icon_width=\u00a0\u00bb76px\u00a0\u00bb _builder_version=\u00a0\u00bb4.16&Prime; _module_preset=\u00a0\u00bbdefault\u00a0\u00bb global_colors_info=\u00a0\u00bb{}\u00a0\u00bb][\/et_pb_icon][et_pb_text _builder_version=\u00a0\u00bb4.16&Prime; _module_preset=\u00a0\u00bbdefault\u00a0\u00bb text_font=\u00a0\u00bbGotham Book||||||||\u00a0\u00bb header_2_font=\u00a0\u00bbNoto Serif||||||||\u00a0\u00bb width=\u00a0\u00bb100%\u00a0\u00bb global_colors_info=\u00a0\u00bb{}\u00a0\u00bb]<\/p>\n<h2 style=\"text-align: center;\">Querol<\/h2>\n<p>[\/et_pb_text][et_pb_image src=\u00a0\u00bbhttps:\/\/mascarpi.com\/wp-content\/uploads\/2023\/03\/Castell_de_Querol_0289.webp\u00a0\u00bb alt=\u00a0\u00bbCh\u00e2teaux_de_Querol_\u00a0\u00bb title_text=\u00a0\u00bbCh\u00e2teaux_de_Querol_\u00a0\u00bb align=\u00a0\u00bbcenter\u00a0\u00bb _builder_version=\u00a0\u00bb4.16&Prime; _module_preset=\u00a0\u00bbdefault\u00a0\u00bb global_colors_info=\u00a0\u00bb{}\u00a0\u00bb][\/et_pb_image][\/et_pb_column][et_pb_column type=\u00a0\u00bb1_2&Prime; _builder_version=\u00a0\u00bb4.16&Prime; _module_preset=\u00a0\u00bbdefault\u00a0\u00bb global_colors_info=\u00a0\u00bb{}\u00a0\u00bb][et_pb_image src=\u00a0\u00bbhttps:\/\/mascarpi.com\/wp-content\/uploads\/2023\/03\/RiuGaiaQuerol-1.webp\u00a0\u00bb alt=\u00a0\u00bbRivi\u00e8re Gai\u00e0 Querol\u00a0\u00bb title_text=\u00a0\u00bbRivi\u00e8re Gai\u00e0 Querol\u00a0\u00bb align=\u00a0\u00bbcenter\u00a0\u00bb _builder_version=\u00a0\u00bb4.16&Prime; _module_preset=\u00a0\u00bbdefault\u00a0\u00bb width=\u00a0\u00bb100%\u00a0\u00bb max_width=\u00a0\u00bb100%\u00a0\u00bb max_height=\u00a0\u00bb360px\u00a0\u00bb global_colors_info=\u00a0\u00bb{}\u00a0\u00bb][\/et_pb_image][\/et_pb_column][et_pb_column type=\u00a0\u00bb1_4&Prime; _builder_version=\u00a0\u00bb4.16&Prime; _module_preset=\u00a0\u00bbdefault\u00a0\u00bb global_colors_info=\u00a0\u00bb{}\u00a0\u00bb][et_pb_image src=\u00a0\u00bbhttps:\/\/mascarpi.com\/wp-content\/uploads\/2023\/03\/castellsantaperpetua.webp\u00a0\u00bb alt=\u00a0\u00bbCh\u00e2teaux de Saint Perp\u00e8tua\u00a0\u00bb title_text=\u00a0\u00bbCh\u00e2teaux de Saint Perp\u00e8tua\u00a0\u00bb _builder_version=\u00a0\u00bb4.16&Prime; _module_preset=\u00a0\u00bbdefault\u00a0\u00bb global_colors_info=\u00a0\u00bb{}\u00a0\u00bb][\/et_pb_image][et_pb_icon font_icon=\u00a0\u00bb&#xf5a0;||fa||900&Prime; icon_color=\u00a0\u00bb#A1612F\u00a0\u00bb icon_width=\u00a0\u00bb76px\u00a0\u00bb _builder_version=\u00a0\u00bb4.16&Prime; _module_preset=\u00a0\u00bbdefault\u00a0\u00bb global_colors_info=\u00a0\u00bb{}\u00a0\u00bb][\/et_pb_icon][et_pb_text _builder_version=\u00a0\u00bb4.16&Prime; _module_preset=\u00a0\u00bbdefault\u00a0\u00bb text_font=\u00a0\u00bbGotham Book||||||||\u00a0\u00bb header_2_font=\u00a0\u00bbNoto Serif||||||||\u00a0\u00bb width=\u00a0\u00bb100%\u00a0\u00bb global_colors_info=\u00a0\u00bb{}\u00a0\u00bb]<\/p>\n<h2 style=\"text-align: center;\">Saint Perp\u00e8tua<\/h2>\n<p>[\/et_pb_text][\/et_pb_column][\/et_pb_row][et_pb_row _builder_version=\u00a0\u00bb4.16&Prime; _module_preset=\u00a0\u00bbdefault\u00a0\u00bb custom_padding=\u00a0\u00bb0px|||||\u00a0\u00bb locked=\u00a0\u00bboff\u00a0\u00bb global_colors_info=\u00a0\u00bb{}\u00a0\u00bb][et_pb_column type=\u00a0\u00bb4_4&Prime; _builder_version=\u00a0\u00bb4.16&Prime; _module_preset=\u00a0\u00bbdefault\u00a0\u00bb global_colors_info=\u00a0\u00bb{}\u00a0\u00bb][et_pb_button button_url=\u00a0\u00bbhttps:\/\/mascarpi.com\/fr\/reserver\/\u00a0\u00bb button_text=\u00a0\u00bbr\u00e9server\u00a0\u00bb button_alignment=\u00a0\u00bbcenter\u00a0\u00bb _builder_version=\u00a0\u00bb4.16&Prime; _module_preset=\u00a0\u00bbdefault\u00a0\u00bb custom_button=\u00a0\u00bbon\u00a0\u00bb button_text_color=\u00a0\u00bb#736D4F\u00a0\u00bb button_border_width=\u00a0\u00bb1px\u00a0\u00bb button_border_color=\u00a0\u00bb#FFFFFF\u00a0\u00bb button_border_radius=\u00a0\u00bb0px\u00a0\u00bb button_font=\u00a0\u00bbGothamBookOtf|500|||||||\u00a0\u00bb button_use_icon=\u00a0\u00bboff\u00a0\u00bb custom_margin=\u00a0\u00bb5px||||false|false\u00a0\u00bb box_shadow_style=\u00a0\u00bbpreset3&Prime; box_shadow_color=\u00a0\u00bb#736D4F\u00a0\u00bb global_colors_info=\u00a0\u00bb{}\u00a0\u00bb][\/et_pb_button][\/et_pb_column][\/et_pb_row][\/et_pb_section][et_pb_section fb_built=\u00a0\u00bb1&Prime; fullwidth=\u00a0\u00bbon\u00a0\u00bb _builder_version=\u00a0\u00bb4.16&Prime; _module_preset=\u00a0\u00bbdefault\u00a0\u00bb custom_margin=\u00a0\u00bb||0px||false|false\u00a0\u00bb custom_padding=\u00a0\u00bb||0px||false|false\u00a0\u00bb locked=\u00a0\u00bboff\u00a0\u00bb global_colors_info=\u00a0\u00bb{}\u00a0\u00bb][et_pb_fullwidth_slider _builder_version=\u00a0\u00bb4.16&Prime; _module_preset=\u00a0\u00bbdefault\u00a0\u00bb background_color_gradient_start=\u00a0\u00bb#3c3c3c\u00a0\u00bb background_color_gradient_end=\u00a0\u00bb#cac2b0&Prime; global_colors_info=\u00a0\u00bb{}\u00a0\u00bb][et_pb_slide heading=\u00a0\u00bbLa Route Cistercienne, \u00e0 quelques km du Mas Carpi\u00a0\u00bb use_bg_overlay=\u00a0\u00bbon\u00a0\u00bb bg_overlay_color=\u00a0\u00bbrgba(60,60,60,0.21)\u00a0\u00bb _builder_version=\u00a0\u00bb4.16&Prime; _module_preset=\u00a0\u00bbdefault\u00a0\u00bb header_font=\u00a0\u00bbNoto Serif||||||||\u00a0\u00bb body_font=\u00a0\u00bbGothamBookOtf||||||||\u00a0\u00bb body_font_size=\u00a0\u00bb22px\u00a0\u00bb background_enable_color=\u00a0\u00bboff\u00a0\u00bb use_background_color_gradient=\u00a0\u00bbon\u00a0\u00bb background_color_gradient_direction=\u00a0\u00bb179deg\u00a0\u00bb background_color_gradient_stops=\u00a0\u00bb#3c3c3c 0%|rgba(255,255,255,0) 100%\u00a0\u00bb background_color_gradient_overlays_image=\u00a0\u00bbon\u00a0\u00bb background_color_gradient_start=\u00a0\u00bb#3c3c3c\u00a0\u00bb background_color_gradient_end=\u00a0\u00bbrgba(255,255,255,0)\u00a0\u00bb background_image=\u00a0\u00bbhttps:\/\/mascarpi.com\/wp-content\/uploads\/2023\/03\/montblanc.webp\u00a0\u00bb background_enable_image=\u00a0\u00bbon\u00a0\u00bb text_orientation=\u00a0\u00bbright\u00a0\u00bb global_colors_info=\u00a0\u00bb{}\u00a0\u00bb sticky_transition=\u00a0\u00bbon\u00a0\u00bb]<\/p>\n<p>&nbsp;<\/p>\n<p>Si vous \u00eates int\u00e9ress\u00e9 par la Route Cistercienne, Mas Carpi est l&rsquo;endroit id\u00e9al. Les territoires d&rsquo; Alt Camp, Conca de Barber\u00e0 et Urgell vous surprendront par leurs paysages.<\/p>\n<p>[\/et_pb_slide][et_pb_slide heading=\u00a0\u00bbValls, berceau des ch\u00e2teaux et de la cal\u00e7otada\u00a0\u00bb use_bg_overlay=\u00a0\u00bbon\u00a0\u00bb bg_overlay_color=\u00a0\u00bbrgba(60,60,60,0.21)\u00a0\u00bb _builder_version=\u00a0\u00bb4.16&Prime; _module_preset=\u00a0\u00bbdefault\u00a0\u00bb header_font=\u00a0\u00bbNoto Serif||||||||\u00a0\u00bb body_font=\u00a0\u00bbGothamBookOtf||||||||\u00a0\u00bb body_font_size=\u00a0\u00bb22px\u00a0\u00bb background_enable_color=\u00a0\u00bboff\u00a0\u00bb use_background_color_gradient=\u00a0\u00bbon\u00a0\u00bb background_color_gradient_stops=\u00a0\u00bb#3c3c3c 0%|rgba(255,255,255,0) 100%\u00a0\u00bb background_color_gradient_overlays_image=\u00a0\u00bbon\u00a0\u00bb background_color_gradient_start=\u00a0\u00bb#3c3c3c\u00a0\u00bb background_color_gradient_end=\u00a0\u00bbrgba(255,255,255,0)\u00a0\u00bb background_image=\u00a0\u00bbhttps:\/\/mascarpi.com\/wp-content\/uploads\/2023\/03\/valls.webp\u00a0\u00bb background_enable_image=\u00a0\u00bbon\u00a0\u00bb text_orientation=\u00a0\u00bbright\u00a0\u00bb global_colors_info=\u00a0\u00bb{}\u00a0\u00bb sticky_transition=\u00a0\u00bbon\u00a0\u00bb]<\/p>\n<h3><\/h3>\n<p>Les territoires d&rsquo; Alt Camp, Conca de Barber\u00e0 et Urgell vous surprendront par leurs paysages. Valls est c\u00e9l\u00e8bre car c\u2019est l\u00e0 que sont n\u00e9s la \u00ab Cal\u00e7otada \u00bb et les \u00ab castells \u00bb<\/p>\n<p>[\/et_pb_slide][et_pb_slide heading=\u00a0\u00bbTarragone, voie romaine\u00a0\u00bb use_bg_overlay=\u00a0\u00bbon\u00a0\u00bb bg_overlay_color=\u00a0\u00bbrgba(60,60,60,0.21)\u00a0\u00bb _builder_version=\u00a0\u00bb4.16&Prime; _module_preset=\u00a0\u00bbdefault\u00a0\u00bb header_font=\u00a0\u00bbNoto Serif||||||||\u00a0\u00bb body_font=\u00a0\u00bbGothamBookOtf||||||||\u00a0\u00bb body_font_size=\u00a0\u00bb22px\u00a0\u00bb background_enable_color=\u00a0\u00bboff\u00a0\u00bb use_background_color_gradient=\u00a0\u00bbon\u00a0\u00bb background_color_gradient_stops=\u00a0\u00bb#3c3c3c 0%|rgba(255,255,255,0) 100%\u00a0\u00bb background_color_gradient_overlays_image=\u00a0\u00bbon\u00a0\u00bb background_color_gradient_start=\u00a0\u00bb#3c3c3c\u00a0\u00bb background_color_gradient_end=\u00a0\u00bbrgba(255,255,255,0)\u00a0\u00bb background_image=\u00a0\u00bbhttps:\/\/mascarpi.com\/wp-content\/uploads\/2023\/03\/anfiteatro_de_tarragona.webp\u00a0\u00bb background_enable_image=\u00a0\u00bbon\u00a0\u00bb text_orientation=\u00a0\u00bbright\u00a0\u00bb global_colors_info=\u00a0\u00bb{}\u00a0\u00bb sticky_transition=\u00a0\u00bbon\u00a0\u00bb]<\/p>\n<p>La visite de Tarragone. La ville est \u00e0 environ 30 minutes en voiture. Elle est d\u00e9clar\u00e9e au patrimoine mondial par l&rsquo;UNESCO. C&rsquo;est aussi un endroit parfait pour se rafra\u00eechir gr\u00e2ce \u00e0 ses plages de la Costa Dorada ou pour profiter d&rsquo;une journ\u00e9e de loisirs \u00e0 Port Aventura.<\/p>\n<p>[\/et_pb_slide][\/et_pb_fullwidth_slider][\/et_pb_section][et_pb_section fb_built=\u00a0\u00bb1&Prime; disabled_on=\u00a0\u00bbon|on|on\u00a0\u00bb _builder_version=\u00a0\u00bb4.16&Prime; _module_preset=\u00a0\u00bbdefault\u00a0\u00bb background_image=\u00a0\u00bbhttps:\/\/mascarpi.com\/wp-content\/uploads\/2022\/04\/Recurso-6.svg\u00a0\u00bb min_height=\u00a0\u00bb20vh\u00a0\u00bb height=\u00a0\u00bb20vh\u00a0\u00bb custom_margin=\u00a0\u00bb||0px||false|false\u00a0\u00bb custom_padding=\u00a0\u00bb||0px||false|false\u00a0\u00bb scroll_horizontal_motion_enable=\u00a0\u00bbon\u00a0\u00bb disabled=\u00a0\u00bbon\u00a0\u00bb global_colors_info=\u00a0\u00bb{}\u00a0\u00bb][et_pb_row make_equal=\u00a0\u00bbon\u00a0\u00bb _builder_version=\u00a0\u00bb4.16&Prime; _module_preset=\u00a0\u00bbdefault\u00a0\u00bb background_enable_image=\u00a0\u00bboff\u00a0\u00bb width=\u00a0\u00bb100%\u00a0\u00bb max_width=\u00a0\u00bb100%\u00a0\u00bb global_colors_info=\u00a0\u00bb{}\u00a0\u00bb][et_pb_column type=\u00a0\u00bb4_4&Prime; _builder_version=\u00a0\u00bb4.16&Prime; _module_preset=\u00a0\u00bbdefault\u00a0\u00bb global_colors_info=\u00a0\u00bb{}\u00a0\u00bb][\/et_pb_column][\/et_pb_row][\/et_pb_section][et_pb_section fb_built=\u00a0\u00bb1&Prime; disabled_on=\u00a0\u00bbon|on|on\u00a0\u00bb _builder_version=\u00a0\u00bb4.16&Prime; _module_preset=\u00a0\u00bbdefault\u00a0\u00bb background_color=\u00a0\u00bb#736D4F\u00a0\u00bb custom_margin=\u00a0\u00bb-110px||||false|false\u00a0\u00bb disabled=\u00a0\u00bbon\u00a0\u00bb locked=\u00a0\u00bboff\u00a0\u00bb global_colors_info=\u00a0\u00bb{}\u00a0\u00bb][et_pb_row _builder_version=\u00a0\u00bb4.16&Prime; _module_preset=\u00a0\u00bbdefault\u00a0\u00bb global_colors_info=\u00a0\u00bb{}\u00a0\u00bb][et_pb_column type=\u00a0\u00bb4_4&Prime; _builder_version=\u00a0\u00bb4.16&Prime; _module_preset=\u00a0\u00bbdefault\u00a0\u00bb global_colors_info=\u00a0\u00bb{}\u00a0\u00bb][et_pb_text _builder_version=\u00a0\u00bb4.16&Prime; _module_preset=\u00a0\u00bbdefault\u00a0\u00bb text_font=\u00a0\u00bbGotham Book||||||||\u00a0\u00bb header_2_font=\u00a0\u00bbNoto Serif||||||||\u00a0\u00bb header_2_text_color=\u00a0\u00bb#FFFFFF\u00a0\u00bb text_orientation=\u00a0\u00bbcenter\u00a0\u00bb global_colors_info=\u00a0\u00bb{}\u00a0\u00bb]<\/p>\n<h2>Mas Carpi, l&rsquo;escapade dont vous avez besoin<\/h2>\n<p>&nbsp;<\/p>\n<p>[\/et_pb_text][\/et_pb_column][\/et_pb_row][et_pb_row column_structure=\u00a0\u00bb1_2,1_2&Prime; _builder_version=\u00a0\u00bb4.16&Prime; _module_preset=\u00a0\u00bbdefault\u00a0\u00bb custom_padding=\u00a0\u00bb|50px||50px|false|false\u00a0\u00bb global_colors_info=\u00a0\u00bb{}\u00a0\u00bb][et_pb_column type=\u00a0\u00bb1_2&Prime; _builder_version=\u00a0\u00bb4.16&Prime; _module_preset=\u00a0\u00bbdefault\u00a0\u00bb global_colors_info=\u00a0\u00bb{}\u00a0\u00bb][et_pb_image src=\u00a0\u00bbhttps:\/\/mascarpi.com\/wp-content\/uploads\/2022\/04\/CARPI-DIS_icono-olivo-3.png\u00a0\u00bb title_text=\u00a0\u00bbCARPI-DIS_icono-olivo-3&Prime; src_tablet=\u00a0\u00bbhttps:\/\/mascarpi.com\/wp-content\/uploads\/2022\/04\/CARPI-DIS_icono-olivo-3.png\u00a0\u00bb src_phone=\u00a0\u00bbhttps:\/\/mascarpi.com\/wp-content\/uploads\/2022\/04\/CARPI-DIS_icono-olivo-3.png\u00a0\u00bb src_last_edited=\u00a0\u00bbon|phone\u00a0\u00bb _builder_version=\u00a0\u00bb4.16&Prime; _module_preset=\u00a0\u00bbdefault\u00a0\u00bb width=\u00a0\u00bb70px\u00a0\u00bb module_alignment=\u00a0\u00bbcenter\u00a0\u00bb global_colors_info=\u00a0\u00bb{}\u00a0\u00bb][\/et_pb_image][et_pb_text _builder_version=\u00a0\u00bb4.16&Prime; _module_preset=\u00a0\u00bbdefault\u00a0\u00bb text_font=\u00a0\u00bbGotham Book||||||||\u00a0\u00bb text_text_color=\u00a0\u00bb#FFFFFF\u00a0\u00bb header_3_font=\u00a0\u00bbNoto Serif||||||||\u00a0\u00bb header_3_text_align=\u00a0\u00bbcenter\u00a0\u00bb header_3_text_color=\u00a0\u00bb#FFFFFF\u00a0\u00bb text_orientation=\u00a0\u00bbcenter\u00a0\u00bb global_colors_info=\u00a0\u00bb{}\u00a0\u00bb]<\/p>\n<h3>Une oasis m\u00e9diterran\u00e9enne<\/h3>\n<p>&nbsp;<\/p>\n<p>Un espace o\u00f9 le style rustique et l&rsquo;architecture moderne et durable s&rsquo;unissent pour cr\u00e9er une atmosph\u00e8re particuli\u00e8re, de confort maximum, mais aussi la sensation de d\u00e9tente et de tranquillit\u00e9 des environnements ruraux.<\/p>\n<p>&nbsp;<\/p>\n<p>[\/et_pb_text][\/et_pb_column][et_pb_column type=\u00a0\u00bb1_2&Prime; _builder_version=\u00a0\u00bb4.16&Prime; _module_preset=\u00a0\u00bbdefault\u00a0\u00bb global_colors_info=\u00a0\u00bb{}\u00a0\u00bb][et_pb_image src=\u00a0\u00bbhttps:\/\/mascarpi.com\/wp-content\/uploads\/2022\/04\/CARPI-DIS_icono-almendro-3.png\u00a0\u00bb title_text=\u00a0\u00bbCARPI-DIS_icono-almendro-3&Prime; _builder_version=\u00a0\u00bb4.16&Prime; _module_preset=\u00a0\u00bbdefault\u00a0\u00bb width=\u00a0\u00bb70px\u00a0\u00bb module_alignment=\u00a0\u00bbcenter\u00a0\u00bb global_colors_info=\u00a0\u00bb{}\u00a0\u00bb][\/et_pb_image][et_pb_text _builder_version=\u00a0\u00bb4.16&Prime; _module_preset=\u00a0\u00bbdefault\u00a0\u00bb text_font=\u00a0\u00bbGotham Book||||||||\u00a0\u00bb text_text_color=\u00a0\u00bb#FFFFFF\u00a0\u00bb header_3_font=\u00a0\u00bbNoto Serif||||||||\u00a0\u00bb header_3_text_align=\u00a0\u00bbcenter\u00a0\u00bb header_3_text_color=\u00a0\u00bb#FFFFFF\u00a0\u00bb text_orientation=\u00a0\u00bbcenter\u00a0\u00bb global_colors_info=\u00a0\u00bb{}\u00a0\u00bb]<\/p>\n<h3>Emplacement parfait<\/h3>\n<p>&nbsp;<\/p>\n<p>Tourisme gastronomique, sportif, historique ou simplement escapade d\u00e9tente. Mas Carpi est situ\u00e9 dans un environnement naturel, \u00e0 c\u00f4t\u00e9 de la Costa Daurada et \u00e9galement de zones montagneuses, comme Prades ou la Conca de Barber\u00e0.<\/p>\n<p>&nbsp;<\/p>\n<p>[\/et_pb_text][\/et_pb_column][\/et_pb_row][et_pb_row column_structure=\u00a0\u00bb1_2,1_2&Prime; _builder_version=\u00a0\u00bb4.16&Prime; _module_preset=\u00a0\u00bbdefault\u00a0\u00bb custom_padding=\u00a0\u00bb|50px||50px|false|false\u00a0\u00bb global_colors_info=\u00a0\u00bb{}\u00a0\u00bb][et_pb_column type=\u00a0\u00bb1_2&Prime; _builder_version=\u00a0\u00bb4.16&Prime; _module_preset=\u00a0\u00bbdefault\u00a0\u00bb global_colors_info=\u00a0\u00bb{}\u00a0\u00bb][et_pb_image src=\u00a0\u00bbhttps:\/\/mascarpi.com\/wp-content\/uploads\/2022\/04\/CARPI-DIS_icono-piedra-3.png\u00a0\u00bb title_text=\u00a0\u00bbCARPI-DIS_icono-piedra-3&Prime; _builder_version=\u00a0\u00bb4.16&Prime; _module_preset=\u00a0\u00bbdefault\u00a0\u00bb width=\u00a0\u00bb70px\u00a0\u00bb module_alignment=\u00a0\u00bbcenter\u00a0\u00bb global_colors_info=\u00a0\u00bb{}\u00a0\u00bb][\/et_pb_image][et_pb_text _builder_version=\u00a0\u00bb4.16&Prime; _module_preset=\u00a0\u00bbdefault\u00a0\u00bb text_font=\u00a0\u00bbGotham Book||||||||\u00a0\u00bb text_text_color=\u00a0\u00bb#FFFFFF\u00a0\u00bb header_3_font=\u00a0\u00bbNoto Serif||||||||\u00a0\u00bb header_3_text_align=\u00a0\u00bbcenter\u00a0\u00bb header_3_text_color=\u00a0\u00bb#FFFFFF\u00a0\u00bb text_orientation=\u00a0\u00bbcenter\u00a0\u00bb global_colors_info=\u00a0\u00bb{}\u00a0\u00bb]<\/p>\n<h3>Patrimoine pr\u00e9serv\u00e9<\/h3>\n<p>&nbsp;<\/p>\n<p>Dans la ferme Mas Carpi, nous trouvons des vestiges du patrimoine historique, comme des puits, une tour m\u00e9di\u00e9vale dans la m\u00eame maison&#8230; une ferme du s. XVII enti\u00e8rement r\u00e9form\u00e9.<\/p>\n<p>[\/et_pb_text][\/et_pb_column][et_pb_column type=\u00a0\u00bb1_2&Prime; _builder_version=\u00a0\u00bb4.16&Prime; _module_preset=\u00a0\u00bbdefault\u00a0\u00bb global_colors_info=\u00a0\u00bb{}\u00a0\u00bb][et_pb_image src=\u00a0\u00bbhttps:\/\/mascarpi.com\/wp-content\/uploads\/2022\/04\/CARPI-DIS_icono-agua-3.png\u00a0\u00bb title_text=\u00a0\u00bbCARPI-DIS_icono-agua-3&Prime; _builder_version=\u00a0\u00bb4.16&Prime; _module_preset=\u00a0\u00bbdefault\u00a0\u00bb width=\u00a0\u00bb70px\u00a0\u00bb module_alignment=\u00a0\u00bbcenter\u00a0\u00bb global_colors_info=\u00a0\u00bb{}\u00a0\u00bb][\/et_pb_image][et_pb_text _builder_version=\u00a0\u00bb4.16&Prime; _module_preset=\u00a0\u00bbdefault\u00a0\u00bb text_font=\u00a0\u00bbGotham Book||||||||\u00a0\u00bb text_text_color=\u00a0\u00bb#FFFFFF\u00a0\u00bb header_3_font=\u00a0\u00bbNoto Serif||||||||\u00a0\u00bb header_3_text_align=\u00a0\u00bbcenter\u00a0\u00bb header_3_text_color=\u00a0\u00bb#FFFFFF\u00a0\u00bb text_orientation=\u00a0\u00bbcenter\u00a0\u00bb global_colors_info=\u00a0\u00bb{}\u00a0\u00bb]<\/p>\n<h3>Durabilit\u00e9<\/h3>\n<p>&nbsp;<\/p>\n<p>Mas Carpi est une maison enti\u00e8rement autonome. L&rsquo;eau provient des puits naturels de la propri\u00e9t\u00e9 et toute la consommation d&rsquo;\u00e9lectricit\u00e9 est g\u00e9r\u00e9e par les panneaux solaires sur le toit.<\/p>\n<p>&nbsp;<\/p>\n<p>[\/et_pb_text][\/et_pb_column][\/et_pb_row][\/et_pb_section]<\/p>\n","protected":false},"excerpt":{"rendered":"<p>EnvironnementLe g\u00eete sous les falaises de la Cumbre de Montagut (sommet de Montagut) Cet environnement est une zone rurale et bois\u00e9e, avec une riche biodiversit\u00e9 et des paysages spectaculaires. La for\u00eat m\u00e9diterran\u00e9enne est dominante dans la r\u00e9gion, avec des esp\u00e8ces telles que le pin et le ch\u00eane vert. Il existe \u00e9galement des zones de culture [&hellip;]<\/p>\n","protected":false},"author":2,"featured_media":0,"parent":0,"menu_order":0,"comment_status":"closed","ping_status":"closed","template":"","meta":{"_et_pb_use_builder":"on","_et_pb_old_content":"","_et_gb_content_width":"","inline_featured_image":false,"_joinchat":[],"footnotes":""},"class_list":["post-1843","page","type-page","status-publish","hentry"],"yoast_head":"<!-- This site is optimized with the Yoast SEO plugin v25.5 - https:\/\/yoast.com\/wordpress\/plugins\/seo\/ -->\n<title>Environnement - Casa rural ecosostenible<\/title>\n<meta name=\"description\" content=\"Mas Carpi est situ\u00e9 dans un environnement rural, dans une zone bois\u00e9e avec une riche biodiversit\u00e9 et des paysages spectaculaires.\" \/>\n<meta name=\"robots\" content=\"index, follow, max-snippet:-1, max-image-preview:large, max-video-preview:-1\" \/>\n<link rel=\"canonical\" href=\"https:\/\/mascarpi.com\/fr\/environnement\/\" \/>\n<meta property=\"og:locale\" content=\"fr_FR\" \/>\n<meta property=\"og:type\" content=\"article\" \/>\n<meta property=\"og:title\" content=\"Environnement - Casa rural ecosostenible\" \/>\n<meta property=\"og:description\" content=\"Mas Carpi est situ\u00e9 dans un environnement rural, dans une zone bois\u00e9e avec une riche biodiversit\u00e9 et des paysages spectaculaires.\" \/>\n<meta property=\"og:url\" content=\"https:\/\/mascarpi.com\/fr\/environnement\/\" \/>\n<meta property=\"og:site_name\" content=\"Casa rural ecosostenible\" \/>\n<meta property=\"article:modified_time\" content=\"2024-12-13T13:38:15+00:00\" \/>\n<meta name=\"twitter:card\" content=\"summary_large_image\" \/>\n<meta name=\"twitter:label1\" content=\"Dur\u00e9e de lecture estim\u00e9e\" \/>\n\t<meta name=\"twitter:data1\" content=\"14 minutes\" \/>\n<script type=\"application\/ld+json\" class=\"yoast-schema-graph\">{\"@context\":\"https:\/\/schema.org\",\"@graph\":[{\"@type\":\"WebPage\",\"@id\":\"https:\/\/mascarpi.com\/fr\/environnement\/\",\"url\":\"https:\/\/mascarpi.com\/fr\/environnement\/\",\"name\":\"Environnement - Casa rural ecosostenible\",\"isPartOf\":{\"@id\":\"https:\/\/mascarpi.com\/#website\"},\"datePublished\":\"2023-11-29T09:07:50+00:00\",\"dateModified\":\"2024-12-13T13:38:15+00:00\",\"description\":\"Mas Carpi est situ\u00e9 dans un environnement rural, dans une zone bois\u00e9e avec une riche biodiversit\u00e9 et des paysages spectaculaires.\",\"breadcrumb\":{\"@id\":\"https:\/\/mascarpi.com\/fr\/environnement\/#breadcrumb\"},\"inLanguage\":\"fr-FR\",\"potentialAction\":[{\"@type\":\"ReadAction\",\"target\":[\"https:\/\/mascarpi.com\/fr\/environnement\/\"]}]},{\"@type\":\"BreadcrumbList\",\"@id\":\"https:\/\/mascarpi.com\/fr\/environnement\/#breadcrumb\",\"itemListElement\":[{\"@type\":\"ListItem\",\"position\":1,\"name\":\"Portada\",\"item\":\"https:\/\/mascarpi.com\/fr\/\"},{\"@type\":\"ListItem\",\"position\":2,\"name\":\"Environnement\"}]},{\"@type\":\"WebSite\",\"@id\":\"https:\/\/mascarpi.com\/#website\",\"url\":\"https:\/\/mascarpi.com\/\",\"name\":\"Casa rural ecosostenible\",\"description\":\"Just another WordPress site\",\"potentialAction\":[{\"@type\":\"SearchAction\",\"target\":{\"@type\":\"EntryPoint\",\"urlTemplate\":\"https:\/\/mascarpi.com\/?s={search_term_string}\"},\"query-input\":{\"@type\":\"PropertyValueSpecification\",\"valueRequired\":true,\"valueName\":\"search_term_string\"}}],\"inLanguage\":\"fr-FR\"}]}<\/script>\n<!-- \/ Yoast SEO plugin. -->","yoast_head_json":{"title":"Environnement - Casa rural ecosostenible","description":"Mas Carpi est situ\u00e9 dans un environnement rural, dans une zone bois\u00e9e avec une riche biodiversit\u00e9 et des paysages spectaculaires.","robots":{"index":"index","follow":"follow","max-snippet":"max-snippet:-1","max-image-preview":"max-image-preview:large","max-video-preview":"max-video-preview:-1"},"canonical":"https:\/\/mascarpi.com\/fr\/environnement\/","og_locale":"fr_FR","og_type":"article","og_title":"Environnement - Casa rural ecosostenible","og_description":"Mas Carpi est situ\u00e9 dans un environnement rural, dans une zone bois\u00e9e avec une riche biodiversit\u00e9 et des paysages spectaculaires.","og_url":"https:\/\/mascarpi.com\/fr\/environnement\/","og_site_name":"Casa rural ecosostenible","article_modified_time":"2024-12-13T13:38:15+00:00","twitter_card":"summary_large_image","twitter_misc":{"Dur\u00e9e de lecture estim\u00e9e":"14 minutes"},"schema":{"@context":"https:\/\/schema.org","@graph":[{"@type":"WebPage","@id":"https:\/\/mascarpi.com\/fr\/environnement\/","url":"https:\/\/mascarpi.com\/fr\/environnement\/","name":"Environnement - Casa rural ecosostenible","isPartOf":{"@id":"https:\/\/mascarpi.com\/#website"},"datePublished":"2023-11-29T09:07:50+00:00","dateModified":"2024-12-13T13:38:15+00:00","description":"Mas Carpi est situ\u00e9 dans un environnement rural, dans une zone bois\u00e9e avec une riche biodiversit\u00e9 et des paysages spectaculaires.","breadcrumb":{"@id":"https:\/\/mascarpi.com\/fr\/environnement\/#breadcrumb"},"inLanguage":"fr-FR","potentialAction":[{"@type":"ReadAction","target":["https:\/\/mascarpi.com\/fr\/environnement\/"]}]},{"@type":"BreadcrumbList","@id":"https:\/\/mascarpi.com\/fr\/environnement\/#breadcrumb","itemListElement":[{"@type":"ListItem","position":1,"name":"Portada","item":"https:\/\/mascarpi.com\/fr\/"},{"@type":"ListItem","position":2,"name":"Environnement"}]},{"@type":"WebSite","@id":"https:\/\/mascarpi.com\/#website","url":"https:\/\/mascarpi.com\/","name":"Casa rural ecosostenible","description":"Just another WordPress site","potentialAction":[{"@type":"SearchAction","target":{"@type":"EntryPoint","urlTemplate":"https:\/\/mascarpi.com\/?s={search_term_string}"},"query-input":{"@type":"PropertyValueSpecification","valueRequired":true,"valueName":"search_term_string"}}],"inLanguage":"fr-FR"}]}},"_links":{"self":[{"href":"https:\/\/mascarpi.com\/fr\/wp-json\/wp\/v2\/pages\/1843","targetHints":{"allow":["GET"]}}],"collection":[{"href":"https:\/\/mascarpi.com\/fr\/wp-json\/wp\/v2\/pages"}],"about":[{"href":"https:\/\/mascarpi.com\/fr\/wp-json\/wp\/v2\/types\/page"}],"author":[{"embeddable":true,"href":"https:\/\/mascarpi.com\/fr\/wp-json\/wp\/v2\/users\/2"}],"replies":[{"embeddable":true,"href":"https:\/\/mascarpi.com\/fr\/wp-json\/wp\/v2\/comments?post=1843"}],"version-history":[{"count":9,"href":"https:\/\/mascarpi.com\/fr\/wp-json\/wp\/v2\/pages\/1843\/revisions"}],"predecessor-version":[{"id":2045,"href":"https:\/\/mascarpi.com\/fr\/wp-json\/wp\/v2\/pages\/1843\/revisions\/2045"}],"wp:attachment":[{"href":"https:\/\/mascarpi.com\/fr\/wp-json\/wp\/v2\/media?parent=1843"}],"curies":[{"name":"wp","href":"https:\/\/api.w.org\/{rel}","templated":true}]}}